{"id":917,"date":"2022-07-06T11:29:47","date_gmt":"2022-07-06T11:29:47","guid":{"rendered":"https:\/\/eager-hugle.46-229-45-18.plesk.page\/?page_id=917"},"modified":"2026-04-01T12:25:23","modified_gmt":"2026-04-01T12:25:23","slug":"praxis_kontakt","status":"publish","type":"page","link":"https:\/\/susanne-ruppert.de\/index.php\/praxis_kontakt\/","title":{"rendered":"Praxis + Kontakt"},"content":{"rendered":"<div class=\"gb-container gb-container-cdbaec7c box-shadow\" id=\"desktop\"><div class=\"gb-inside-container\">\n<div class=\"gb-container gb-container-6dd0d3b8\"><div class=\"gb-inside-container\">\n\n<h3 class=\"gb-headline gb-headline-9df25ed2 gb-headline-text\">Praxis + Kontakt<\/h3>\n\n<\/div><\/div>\n\n<div class=\"gb-container gb-container-a78c53ce\"><div class=\"gb-inside-container\">\n<div class=\"gb-container gb-container-771c8a61\"><div class=\"gb-inside-container\">\n\n<div class=\"wp-block-columns is-layout-flex wp-container-core-columns-is-layout-9d6595d7 wp-block-columns-is-layout-flex\">\n<div class=\"wp-block-column is-layout-flow wp-block-column-is-layout-flow\"><div class=\"gb-container gb-container-df43daa3\"><div class=\"gb-inside-container\">\n<div class=\"gb-container gb-container-16092783\"><div class=\"gb-inside-container\">\n\n<p class=\"gb-headline gb-headline-c6b54889 gb-headline-text\"><strong>Adresse<\/strong><\/p>\n\n\n\n<p class=\"gb-headline gb-headline-6e23bb3a gb-headline-text\">Marktstr. 2<br>33602 Bielefeld<br>Tel.: <a href=\"http:\/\/tel.:05219891661\">0521-98 91 661<\/a><br>Fax: 0521-98 25 808<br>E-Mail: <a href=\"mailto:susanne.ruppert@t-online.de\">susanne.ruppert@t-online.de<\/a><\/p>\n\n<\/div><\/div>\n<\/div><\/div><\/div>\n\n\n\n<div class=\"wp-block-column is-layout-flow wp-block-column-is-layout-flow\"><div class=\"gb-container gb-container-cc7a26f6\"><div class=\"gb-inside-container\">\n<div class=\"gb-container gb-container-350fb416\"><div class=\"gb-inside-container\">\n<div class=\"gb-container gb-container-91ad67b4\"><div class=\"gb-inside-container\">\n\n<p class=\"gb-headline gb-headline-3b5a52df gb-headline-text\"><strong>Telefonische Sprechzeiten<\/strong><\/p>\n\n<\/div><\/div>\n\n\n<div class=\"wp-block-group is-vertical is-layout-flex wp-container-core-group-is-layout-8cf370e7 wp-block-group-is-layout-flex\">\n<p style=\"font-size:15px\">Montag:&nbsp; 13.30 &#8211; 14.00 Uhr&nbsp;<\/p>\n\n\n\n<p style=\"font-size:15px\">Dienstag: 14.00 &#8211; 14.30 Uhr&nbsp;<\/p>\n\n\n\n<p style=\"font-size:15px\">Mittwoch: 12.00 &#8211; 12.30 Uhr<br>Donnerstag: 13.00 &#8211; 13.30 Uhr<\/p>\n<\/div>\n\n<\/div><\/div>\n<\/div><\/div><\/div>\n\n\n\n<div class=\"wp-block-column is-layout-flow wp-block-column-is-layout-flow\"><div class=\"gb-container gb-container-459b7b5b\"><div class=\"gb-inside-container\">\n<div class=\"gb-container gb-container-e4b40abb\"><div class=\"gb-inside-container\">\n<div class=\"gb-container gb-container-faac589c\"><div class=\"gb-inside-container\">\n\n<p class=\"gb-headline gb-headline-3beca5fc gb-headline-text\"><strong>Bitte beachten Sie<\/strong><\/p>\n\n<\/div><\/div>\n\n\n<p class=\"gb-headline gb-headline-76061f83 gb-headline-text\">Anmeldungen f\u00fcr Erstgespr\u00e4che nehmen wir gerne pers\u00f6nlich in den telefonischen Sprechzeiten entgegen. Sie k\u00f6nnen auf dem Anrufbeantworter auch andere Nachrichten hinterlassen.<\/p>\n\n<\/div><\/div>\n<\/div><\/div><\/div>\n<\/div>\n\n<\/div><\/div>\n\n<div class=\"gb-container gb-container-c6ba2bb2\"><div class=\"gb-inside-container\">\n\n<div class=\"wp-block-columns is-layout-flex wp-container-core-columns-is-layout-9d6595d7 wp-block-columns-is-layout-flex\">\n<div class=\"wp-block-column is-layout-flow wp-block-column-is-layout-flow\"><div class=\"gb-container gb-container-592292da\"><div class=\"gb-inside-container\">\n\n<iframe src=\"https:\/\/www.google.com\/maps\/embed?pb=!1m18!1m12!1m3!1d2455.3450767911904!2d8.532231116068512!3d52.01881097972241!2m3!1f0!2f0!3f0!3m2!1i1024!2i768!4f13.1!3m3!1m2!1s0x47ba3d1ac1d8e6d1%3A0x886b5c9eda1e75a3!2sMarktstra%C3%9Fe%202%2C%2033602%20Bielefeld!5e0!3m2!1sde!2sde!4v1657107200885!5m2!1sde!2sde\" width=\"377px\" height=\"233px\" style=\"border:0;\" allowfullscreen=\"\" loading=\"lazy\" referrerpolicy=\"no-referrer-when-downgrade\"><\/iframe>\n\n<\/div><\/div><\/div>\n\n\n\n<div class=\"wp-block-column is-layout-flow wp-block-column-is-layout-flow\"><div class=\"gb-container gb-container-fc7a6e43\"><div class=\"gb-inside-container\">\n\n<figure class=\"wp-block-image size-full\"><img loading=\"lazy\" decoding=\"async\" width=\"377\" height=\"283\" src=\"https:\/\/susanne-ruppert.de\/wp-content\/uploads\/2022\/07\/Therapieraum-1-edited-1.jpeg\" alt=\"\" class=\"wp-image-1068\" srcset=\"https:\/\/susanne-ruppert.de\/wp-content\/uploads\/2022\/07\/Therapieraum-1-edited-1.jpeg 377w, https:\/\/susanne-ruppert.de\/wp-content\/uploads\/2022\/07\/Therapieraum-1-edited-1-300x225.jpeg 300w\" sizes=\"auto, (max-width: 377px) 100vw, 377px\" \/><\/figure>\n\n<\/div><\/div><\/div>\n\n\n\n<div class=\"wp-block-column is-layout-flow wp-block-column-is-layout-flow\"><div class=\"gb-container gb-container-3a38b76f\"><div class=\"gb-inside-container\">\n\n<figure class=\"wp-block-image size-full\"><img loading=\"lazy\" decoding=\"async\" width=\"327\" height=\"246\" src=\"https:\/\/susanne-ruppert.de\/wp-content\/uploads\/2022\/07\/Therapieraum-2-edited-1.jpeg\" alt=\"\" class=\"wp-image-1067\" srcset=\"https:\/\/susanne-ruppert.de\/wp-content\/uploads\/2022\/07\/Therapieraum-2-edited-1.jpeg 327w, https:\/\/susanne-ruppert.de\/wp-content\/uploads\/2022\/07\/Therapieraum-2-edited-1-300x226.jpeg 300w\" sizes=\"auto, (max-width: 327px) 100vw, 327px\" \/><\/figure>\n\n<\/div><\/div><\/div>\n<\/div>\n\n<\/div><\/div>\n<\/div><\/div>\n<\/div><\/div>\n\n\n<p><\/p>\n","protected":false},"excerpt":{"rendered":"<p>Praxis + Kontakt Adresse Marktstr. 233602 BielefeldTel.: 0521-98 91 661Fax: 0521-98 25 808E-Mail: susanne.ruppert@t-online.de Telefonische Sprechzeiten Montag:&nbsp; 13.30 &#8211; 14.00 Uhr&nbsp; Dienstag: 14.00 &#8211; 14.30 Uhr&nbsp; Mittwoch: 12.00 &#8211; 12.30 UhrDonnerstag: 13.00 &#8211; 13.30 Uhr Bitte beachten Sie Anmeldungen f\u00fcr Erstgespr\u00e4che nehmen wir gerne pers\u00f6nlich in den telefonischen Sprechzeiten entgegen. Sie k\u00f6nnen auf dem Anrufbeantworter &#8230; <a title=\"Praxis + Kontakt\" class=\"read-more\" href=\"https:\/\/susanne-ruppert.de\/index.php\/praxis_kontakt\/\" aria-label=\"Mehr Informationen \u00fcber Praxis + Kontakt\">Weiterlesen<\/a><\/p>\n","protected":false},"author":1,"featured_media":0,"parent":0,"menu_order":4,"comment_status":"closed","ping_status":"closed","template":"","meta":{"footnotes":""},"class_list":["post-917","page","type-page","status-publish"],"yoast_head":"<!-- This site is optimized with the Yoast SEO plugin v23.5 - https:\/\/yoast.com\/wordpress\/plugins\/seo\/ -->\n<title>Praxis + Kontakt - Dipl. Psychologin Ruppert<\/title>\n<meta name=\"robots\" content=\"index, follow, max-snippet:-1, max-image-preview:large, max-video-preview:-1\" \/>\n<link rel=\"canonical\" href=\"https:\/\/susanne-ruppert.de\/index.php\/praxis_kontakt\/\" \/>\n<meta property=\"og:locale\" content=\"de_DE\" \/>\n<meta property=\"og:type\" content=\"article\" \/>\n<meta property=\"og:title\" content=\"Praxis + Kontakt - Dipl. Psychologin Ruppert\" \/>\n<meta property=\"og:description\" content=\"Praxis + Kontakt Adresse Marktstr. 233602 BielefeldTel.: 0521-98 91 661Fax: 0521-98 25 808E-Mail: susanne.ruppert@t-online.de Telefonische Sprechzeiten Montag:&nbsp; 13.30 &#8211; 14.00 Uhr&nbsp; Dienstag: 14.00 &#8211; 14.30 Uhr&nbsp; Mittwoch: 12.00 &#8211; 12.30 UhrDonnerstag: 13.00 &#8211; 13.30 Uhr Bitte beachten Sie Anmeldungen f\u00fcr Erstgespr\u00e4che nehmen wir gerne pers\u00f6nlich in den telefonischen Sprechzeiten entgegen. Sie k\u00f6nnen auf dem Anrufbeantworter ... Weiterlesen\" \/>\n<meta property=\"og:url\" content=\"https:\/\/susanne-ruppert.de\/index.php\/praxis_kontakt\/\" \/>\n<meta property=\"og:site_name\" content=\"Dipl. Psychologin Ruppert\" \/>\n<meta property=\"article:modified_time\" content=\"2026-04-01T12:25:23+00:00\" \/>\n<meta property=\"og:image\" content=\"https:\/\/susanne-ruppert.de\/wp-content\/uploads\/2022\/07\/Therapieraum-1-edited-1.jpeg\" \/>\n<meta name=\"twitter:card\" content=\"summary_large_image\" \/>\n<meta name=\"twitter:label1\" content=\"Gesch\u00e4tzte Lesezeit\" \/>\n\t<meta name=\"twitter:data1\" content=\"1\u00a0Minute\" \/>\n<script type=\"application\/ld+json\" class=\"yoast-schema-graph\">{\"@context\":\"https:\/\/schema.org\",\"@graph\":[{\"@type\":\"WebPage\",\"@id\":\"https:\/\/susanne-ruppert.de\/index.php\/praxis_kontakt\/\",\"url\":\"https:\/\/susanne-ruppert.de\/index.php\/praxis_kontakt\/\",\"name\":\"Praxis + Kontakt - Dipl. Psychologin Ruppert\",\"isPartOf\":{\"@id\":\"https:\/\/susanne-ruppert.de\/#website\"},\"primaryImageOfPage\":{\"@id\":\"https:\/\/susanne-ruppert.de\/index.php\/praxis_kontakt\/#primaryimage\"},\"image\":{\"@id\":\"https:\/\/susanne-ruppert.de\/index.php\/praxis_kontakt\/#primaryimage\"},\"thumbnailUrl\":\"https:\/\/susanne-ruppert.de\/wp-content\/uploads\/2022\/07\/Therapieraum-1-edited-1.jpeg\",\"datePublished\":\"2022-07-06T11:29:47+00:00\",\"dateModified\":\"2026-04-01T12:25:23+00:00\",\"breadcrumb\":{\"@id\":\"https:\/\/susanne-ruppert.de\/index.php\/praxis_kontakt\/#breadcrumb\"},\"inLanguage\":\"de\",\"potentialAction\":[{\"@type\":\"ReadAction\",\"target\":[\"https:\/\/susanne-ruppert.de\/index.php\/praxis_kontakt\/\"]}]},{\"@type\":\"ImageObject\",\"inLanguage\":\"de\",\"@id\":\"https:\/\/susanne-ruppert.de\/index.php\/praxis_kontakt\/#primaryimage\",\"url\":\"https:\/\/susanne-ruppert.de\/wp-content\/uploads\/2022\/07\/Therapieraum-1-edited-1.jpeg\",\"contentUrl\":\"https:\/\/susanne-ruppert.de\/wp-content\/uploads\/2022\/07\/Therapieraum-1-edited-1.jpeg\",\"width\":377,\"height\":283},{\"@type\":\"BreadcrumbList\",\"@id\":\"https:\/\/susanne-ruppert.de\/index.php\/praxis_kontakt\/#breadcrumb\",\"itemListElement\":[{\"@type\":\"ListItem\",\"position\":1,\"name\":\"Startseite\",\"item\":\"https:\/\/susanne-ruppert.de\/\"},{\"@type\":\"ListItem\",\"position\":2,\"name\":\"Praxis + Kontakt\"}]},{\"@type\":\"WebSite\",\"@id\":\"https:\/\/susanne-ruppert.de\/#website\",\"url\":\"https:\/\/susanne-ruppert.de\/\",\"name\":\"Dipl. Psychologin Ruppert\",\"description\":\"Just another WordPress site\",\"potentialAction\":[{\"@type\":\"SearchAction\",\"target\":{\"@type\":\"EntryPoint\",\"urlTemplate\":\"https:\/\/susanne-ruppert.de\/?s={search_term_string}\"},\"query-input\":{\"@type\":\"PropertyValueSpecification\",\"valueRequired\":true,\"valueName\":\"search_term_string\"}}],\"inLanguage\":\"de\"}]}<\/script>\n<!-- \/ Yoast SEO plugin. -->","yoast_head_json":{"title":"Praxis + Kontakt - Dipl. Psychologin Ruppert","robots":{"index":"index","follow":"follow","max-snippet":"max-snippet:-1","max-image-preview":"max-image-preview:large","max-video-preview":"max-video-preview:-1"},"canonical":"https:\/\/susanne-ruppert.de\/index.php\/praxis_kontakt\/","og_locale":"de_DE","og_type":"article","og_title":"Praxis + Kontakt - Dipl. Psychologin Ruppert","og_description":"Praxis + Kontakt Adresse Marktstr. 233602 BielefeldTel.: 0521-98 91 661Fax: 0521-98 25 808E-Mail: susanne.ruppert@t-online.de Telefonische Sprechzeiten Montag:&nbsp; 13.30 &#8211; 14.00 Uhr&nbsp; Dienstag: 14.00 &#8211; 14.30 Uhr&nbsp; Mittwoch: 12.00 &#8211; 12.30 UhrDonnerstag: 13.00 &#8211; 13.30 Uhr Bitte beachten Sie Anmeldungen f\u00fcr Erstgespr\u00e4che nehmen wir gerne pers\u00f6nlich in den telefonischen Sprechzeiten entgegen. Sie k\u00f6nnen auf dem Anrufbeantworter ... Weiterlesen","og_url":"https:\/\/susanne-ruppert.de\/index.php\/praxis_kontakt\/","og_site_name":"Dipl. Psychologin Ruppert","article_modified_time":"2026-04-01T12:25:23+00:00","og_image":[{"url":"https:\/\/susanne-ruppert.de\/wp-content\/uploads\/2022\/07\/Therapieraum-1-edited-1.jpeg"}],"twitter_card":"summary_large_image","twitter_misc":{"Gesch\u00e4tzte Lesezeit":"1\u00a0Minute"},"schema":{"@context":"https:\/\/schema.org","@graph":[{"@type":"WebPage","@id":"https:\/\/susanne-ruppert.de\/index.php\/praxis_kontakt\/","url":"https:\/\/susanne-ruppert.de\/index.php\/praxis_kontakt\/","name":"Praxis + Kontakt - Dipl. Psychologin Ruppert","isPartOf":{"@id":"https:\/\/susanne-ruppert.de\/#website"},"primaryImageOfPage":{"@id":"https:\/\/susanne-ruppert.de\/index.php\/praxis_kontakt\/#primaryimage"},"image":{"@id":"https:\/\/susanne-ruppert.de\/index.php\/praxis_kontakt\/#primaryimage"},"thumbnailUrl":"https:\/\/susanne-ruppert.de\/wp-content\/uploads\/2022\/07\/Therapieraum-1-edited-1.jpeg","datePublished":"2022-07-06T11:29:47+00:00","dateModified":"2026-04-01T12:25:23+00:00","breadcrumb":{"@id":"https:\/\/susanne-ruppert.de\/index.php\/praxis_kontakt\/#breadcrumb"},"inLanguage":"de","potentialAction":[{"@type":"ReadAction","target":["https:\/\/susanne-ruppert.de\/index.php\/praxis_kontakt\/"]}]},{"@type":"ImageObject","inLanguage":"de","@id":"https:\/\/susanne-ruppert.de\/index.php\/praxis_kontakt\/#primaryimage","url":"https:\/\/susanne-ruppert.de\/wp-content\/uploads\/2022\/07\/Therapieraum-1-edited-1.jpeg","contentUrl":"https:\/\/susanne-ruppert.de\/wp-content\/uploads\/2022\/07\/Therapieraum-1-edited-1.jpeg","width":377,"height":283},{"@type":"BreadcrumbList","@id":"https:\/\/susanne-ruppert.de\/index.php\/praxis_kontakt\/#breadcrumb","itemListElement":[{"@type":"ListItem","position":1,"name":"Startseite","item":"https:\/\/susanne-ruppert.de\/"},{"@type":"ListItem","position":2,"name":"Praxis + Kontakt"}]},{"@type":"WebSite","@id":"https:\/\/susanne-ruppert.de\/#website","url":"https:\/\/susanne-ruppert.de\/","name":"Dipl. Psychologin Ruppert","description":"Just another WordPress site","potentialAction":[{"@type":"SearchAction","target":{"@type":"EntryPoint","urlTemplate":"https:\/\/susanne-ruppert.de\/?s={search_term_string}"},"query-input":{"@type":"PropertyValueSpecification","valueRequired":true,"valueName":"search_term_string"}}],"inLanguage":"de"}]}},"_links":{"self":[{"href":"https:\/\/susanne-ruppert.de\/index.php\/wp-json\/wp\/v2\/pages\/917","targetHints":{"allow":["GET"]}}],"collection":[{"href":"https:\/\/susanne-ruppert.de\/index.php\/wp-json\/wp\/v2\/pages"}],"about":[{"href":"https:\/\/susanne-ruppert.de\/index.php\/wp-json\/wp\/v2\/types\/page"}],"author":[{"embeddable":true,"href":"https:\/\/susanne-ruppert.de\/index.php\/wp-json\/wp\/v2\/users\/1"}],"replies":[{"embeddable":true,"href":"https:\/\/susanne-ruppert.de\/index.php\/wp-json\/wp\/v2\/comments?post=917"}],"version-history":[{"count":41,"href":"https:\/\/susanne-ruppert.de\/index.php\/wp-json\/wp\/v2\/pages\/917\/revisions"}],"predecessor-version":[{"id":1300,"href":"https:\/\/susanne-ruppert.de\/index.php\/wp-json\/wp\/v2\/pages\/917\/revisions\/1300"}],"wp:attachment":[{"href":"https:\/\/susanne-ruppert.de\/index.php\/wp-json\/wp\/v2\/media?parent=917"}],"curies":[{"name":"wp","href":"https:\/\/api.w.org\/{rel}","templated":true}]}}