{"id":981,"date":"2022-07-06T13:06:37","date_gmt":"2022-07-06T13:06:37","guid":{"rendered":"https:\/\/eager-hugle.46-229-45-18.plesk.page\/?page_id=981"},"modified":"2025-04-05T08:51:09","modified_gmt":"2025-04-05T08:51:09","slug":"datenschutz","status":"publish","type":"page","link":"https:\/\/susanne-ruppert.de\/index.php\/datenschutz\/","title":{"rendered":"Datenschutz"},"content":{"rendered":"<div class=\"gb-container gb-container-cdbaec7c box-shadow\"><div class=\"gb-inside-container\">\n<div class=\"gb-container gb-container-a78c53ce\"><div class=\"gb-inside-container\">\n<div class=\"gb-container gb-container-a6c09377\"><div class=\"gb-inside-container\">\n\n<h3 class=\"gb-headline gb-headline-9ceee965 gb-headline-text\">Datenschutz<\/h3>\n\n<\/div><\/div>\n\n<div class=\"gb-container gb-container-771c8a61\"><div class=\"gb-inside-container\">\n<div class=\"gb-container gb-container-16092783\"><div class=\"gb-inside-container\">\n\n<p style=\"font-size:17px\"><strong>Datenschutz<\/strong><\/p>\n\n<\/div><\/div>\n<\/div><\/div>\n\n<div class=\"gb-container gb-container-3c1080d5\"><div class=\"gb-inside-container\">\n\n<div class=\"wp-block-columns is-layout-flex wp-container-core-columns-is-layout-9d6595d7 wp-block-columns-is-layout-flex\">\n<div class=\"wp-block-column is-layout-flow wp-block-column-is-layout-flow\"><div class=\"gb-container gb-container-c27c87a5\"><div class=\"gb-inside-container\">\n\n<p class=\"gb-headline gb-headline-9462f857 gb-headline-text\"><strong>Sicherheit und Schutz Ihrer personenbezogenen Daten<\/strong><br>Wir betrachten es als unsere vorrangige Aufgabe, die Vertraulichkeit der von Ihnen bereitgestellten personenbezogenen Daten zu wahren und diese vor unbefugtenZugriffen zu sch\u00fctzen. Deshalbwenden wir \u00e4u\u00dferste Sorgfalt und modernste Sicherheitsstandards an, um einen maximalen Schutz Ihrer personenbezogenen Daten zu gew\u00e4hrleisten.Als privatrechtliches Unternehmen unterliegen wir den Bestimmungen der europ\u00e4ischen Datenschutzgrundverordnung (DSGVO) und den Regelungen desBundesdatenschutzgesetzes (BDSG). Wir haben technische und organisatorische Ma\u00dfnahmen getroffen, die sicherstellen, dass die Vorschriften \u00fcber den Datenschutzsowohl von uns, als auch von unseren externen Dienstleistern beachtet werden.<br><br><strong>Begriffsbestimmungen<\/strong><br>Der Gesetzgeber fordert, dass personenbezogene Daten auf rechtm\u00e4\u00dfige Weise, nach Treu und Glauben und in einer f\u00fcr die betroffene Person nachvollziehbaren Weiseverarbeitet werden (\u201eRechtm\u00e4\u00dfigkeit, Verarbeitung nach Treu und Glauben, Transparenz\u201c). Um dies zu gew\u00e4hrleisten, informieren wir Sie \u00fcber die einzelnengesetzlichen Begriffsbestimmungen, die auch in dieser Datenschutzerkl\u00e4rung verwendet werden:<br><br>1. <strong>Personenbezogene Daten<\/strong> \u201ePersonenbezogene Daten\u201c sind alle Informationen, die sich auf eine identifizierte oder identifizierbare nat\u00fcrliche Person (im Folgenden \u201ebetroffene Person\u201c) beziehen;als identifizierbar wird eine nat\u00fcrliche Person angesehen, die direkt oder indirekt, insbesondere mittels Zuordnung zu einer Kennung wie einem Namen, zu einerKennnummer, zu Standortdaten, zu einer Online-Kennung oder zu einem oder mehreren besonderen Merkmalen identifiziert werden kann, die Ausdruck derphysischen, physiologischen, genetischen, psychischen, wirtschaftlichen, kulturellen oder sozialen Identit\u00e4t dieser nat\u00fcrlichen Person sind.<br><br>2. <strong>Verarbeitung<\/strong> \u201eVerarbeitung\u201c ist jeder, mit oder ohne Hilfe automatisierter Verfahren, ausgef\u00fchrter Vorgang oder jede solche Vorgangsreihe im Zusammenhang mitpersonenbezogenen Daten wie das Erheben, das Erfassen, die Organisation, das Ordnen, die Speicherung, die Anpassung oder Ver\u00e4nderung, das Auslesen, dasAbfragen, die Verwendung, die Offenlegung durch \u00dcbermittlung, Verbreitung oder eine andere Form der Bereitstellung, den Abgleich oder die Verkn\u00fcpfung, dieEinschr\u00e4nkung, das L\u00f6schen oder die Vernichtung.<br><br>3. <strong>Einschr\u00e4nkung der Verarbeitung<\/strong> \u201eEinschr\u00e4nkung der Verarbeitung\u201c ist die Markierung gespeicherter personenbezogener Daten mit dem Ziel, ihre k\u00fcnftige Verarbeitung einzuschr\u00e4nken.<br><br>4. <strong>Profiling<\/strong> \u201eProfiling\u201c ist jede Art der automatisierten Verarbeitung personenbezogener Daten, die darin besteht, dass diese personenbezogenen Daten verwendet werden, umbestimmte pers\u00f6nliche Aspekte, die sich auf eine nat\u00fcrliche Person beziehen, zu bewerten, insbesondere um Aspekte bez\u00fcglich Arbeitsleistung, wirtschaftliche Lage,Gesundheit, pers\u00f6nliche Vorlieben, Interessen, Zuverl\u00e4ssigkeit, Verhalten, Aufenthaltsort oder Ortswechsel dieser nat\u00fcrlichen Person zu analysieren odervorherzusagen.<br><br>5. <strong>Pseudonymisierung<\/strong> \u201ePseudonymisierung\u201c ist die Verarbeitung personenbezogener Daten in einer Weise, dass die personenbezogenen Daten ohne Hinzuziehung zus\u00e4tzlicher Informationennicht mehr einer spezifischen betroffenen Person zugeordnet werden k\u00f6nnen, sofern diese zus\u00e4tzlichen Informationen gesondert aufbewahrt werden und technischenund organisatorischen Ma\u00dfnahmen unterliegen, die gew\u00e4hrleisten, dass die personenbezogenen Daten nicht einer identifizierten oder identifizierbaren nat\u00fcrlichenPerson zugewiesen werden k\u00f6nnen.<br><br>6. <strong>Dateisystem<\/strong> \u201eDateisystem\u201c ist jede strukturierte Sammlung personenbezogener Daten, die nach bestimmten Kriterien zug\u00e4nglich sind, unabh\u00e4ngig davon, ob diese Sammlungzentral, dezentral oder nach funktionalen oder geografischen Gesichtspunkten geordnet gef\u00fchrt wird.<br><br>7. <strong>Verantwortlicher<\/strong> \u201eVerantwortlicher\u201c ist eine nat\u00fcrliche oder juristische Person, Beh\u00f6rde, Einrichtung oder andere Stelle, die allein oder gemeinsam mit anderen \u00fcber die Zwecke undMittel der Verarbeitung von personenbezogenen Daten entscheidet; sind die Zwecke und Mittel dieser Verarbeitung durch das Unionsrecht oder das Recht derMitgliedstaaten vorgegeben, so k\u00f6nnen der Verantwortliche beziehungsweise die bestimmten Kriterien seiner Benennung nach dem Unionsrecht oder dem Recht derMitgliedstaaten vorgesehen werden.<br><br>8. <strong>Auftragsverarbeiter<\/strong> \u201eAuftragsverarbeiter\u201c ist eine nat\u00fcrliche oder juristische Person, Beh\u00f6rde, Einrichtung oder andere Stelle, die personenbezogene Daten im Auftrag desVerantwortlichen verarbeitet.<br><br>9. <strong>Empf\u00e4nger<\/strong> \u201eEmpf\u00e4nger\u201c ist eine nat\u00fcrliche oder juristische Person, Beh\u00f6rde, Einrichtung oder andere Stelle, denen personenbezogene Daten offengelegt werden, unabh\u00e4ngigdavon, ob es sich bei ihr um einen Dritten handelt oder nicht. Beh\u00f6rden, die im Rahmen eines bestimmten Untersuchungsauftrags nach dem Unionsrecht oder demRecht der Mitgliedstaaten m\u00f6glicherweise personenbezogene Daten erhalten, gelten jedoch nicht als Empf\u00e4nger; die Verarbeitung dieser Daten durch die genanntenBeh\u00f6rden erfolgt im Einklang mit den geltenden Datenschutzvorschriften gem\u00e4\u00df den Zwecken der Verarbeitung.<br><br>10. <strong>Dritter<\/strong> \u201eDritter\u201c ist eine nat\u00fcrliche oder juristische Person, Beh\u00f6rde, Einrichtung oder andere Stelle, au\u00dfer der betroffenen Person, dem Verantwortlichen, demAuftragsverarbeiter und den Personen, die unter der unmittelbaren Verantwortung des Verantwortlichen oder des Auftragsverarbeiters befugt sind, diepersonenbezogenen Daten zu verarbeiten.<br><br>11. <strong>Einwilligung<\/strong> Eine \u201eEinwilligung\u201c der betroffenen Person ist jede freiwillig f\u00fcr den bestimmten Fall, in informierter Weise und unmissverst\u00e4ndlich abgegebene Willensbekundung inForm einer Erkl\u00e4rung oder einer sonstigen eindeutigen best\u00e4tigenden Handlung, mit der die betroffene Person zu verstehen gibt, dass sie mit der Verarbeitung der siebetreffenden personenbezogenen Daten einverstanden ist.&nbsp;<br><br><strong>Rechtm\u00e4\u00dfigkeit der Verarbeitung<\/strong><br>Die Verarbeitung personenbezogener Daten ist nur rechtm\u00e4\u00dfig, wenn f\u00fcr die Verarbeitung eine Rechtsgrundlage besteht. Rechtsgrundlage f\u00fcr die Verarbeitung k\u00f6nnengem\u00e4\u00df Artikel 6 Abs. 1 lit. a \u2013 f DSGVO insbesondere sein:<br><br><em>a. Die betroffene Person hat ihre Einwilligung zu der Verarbeitung der sie betreffenden personenbezogenen Daten f\u00fcr einen oder mehrere bestimmte Zwecke gegeben;<br><br>b. die Verarbeitung ist f\u00fcr die Erf\u00fcllung eines Vertrags, dessen Vertragspartei die betroffene Person ist, oder zur Durchf\u00fchrung vorvertraglicher Ma\u00dfnahmenerforderlich, die auf Anfrage der betroffenen Person erfolgen;<br><br>c. die Verarbeitung ist zur Erf\u00fcllung einer rechtlichen Verpflichtung erforderlich, der der Verantwortliche unterliegt;<br><br>d. die Verarbeitung ist erforderlich, um lebenswichtige Interessen der betroffenen Person oder einer anderen nat\u00fcrlichen Person zu sch\u00fctzen;<br><br>e. die Verarbeitung ist f\u00fcr die Wahrnehmung einer Aufgabe erforderlich, die im \u00f6ffentlichen Interesse liegt oder in Aus\u00fcbung \u00f6ffentlicher Gewalt erfolgt, die demVerantwortlichen \u00fcbertragen wurde;<br><br>f. die Verarbeitung ist zur Wahrung der berechtigten Interessen des Verantwortlichen oder eines Dritten erforderlich, sofern nicht die Interessen oder Grundrechte undGrundfreiheiten der betroffenen Person, die den Schutz personenbezogener Daten erfordern, \u00fcberwiegen, insbesondere dann, wenn es sich bei der betroffenen Personum ein Kind handelt.<\/em><br><br><strong>Information \u00fcber die Erhebung personenbezogener Daten <\/strong><br><br>(1) Im Folgenden informieren wir \u00fcber die Erhebung personenbezogener Daten bei Nutzung unserer Website. Personenbezogene Daten sind z.\u2009B. Name, Adresse, EMail-Adressen, Nutzerverhalten.<br><br>(2) Bei einer Kontaktaufnahme mit uns per E-Mail&nbsp; werden die von Ihnen mitgeteilten Daten (Ihre E-Mail-Adresse, ggf. Ihr Name und Ihre Telefonnummer) von unsgespeichert, um Ihre Fragen zu beantworten. Die in diesem Zusammenhang anfallenden Daten l\u00f6schen wir, nachdem die Speicherung nicht mehr erforderlich ist, oderdie Verarbeitung wird eingeschr\u00e4nkt, falls gesetzliche Aufbewahrungspflichten bestehen.Erhebung personenbezogener Daten bei Besuch unserer WebsiteBei der blo\u00df informatorischen Nutzung der Website, also wenn Sie sich nicht registrieren oder uns anderweitig Informationen \u00fcbermitteln, erheben wir nur diepersonenbezogenen Daten, die Ihr Browser an unseren Server \u00fcbermittelt. Wenn Sie unsere Website betrachten m\u00f6chten, erheben wir die folgenden Daten, die f\u00fcruns technisch erforderlich sind, um Ihnen unsere Website anzuzeigen und die Stabilit\u00e4t und Sicherheit zu gew\u00e4hrleisten (Rechtsgrundlage ist Art.&nbsp;6 Abs.&nbsp;1 S.&nbsp;1 lit. fDSGVO):<br><br><em>&#8211; IP-Adresse<br>&#8211; Datum und Uhrzeit der Anfrage<br>&#8211; Zeitzonendifferenz zur Greenwich Mean Time (GMT)<br>&#8211; Inhalt der Anforderung (konkrete Seite)<br>&#8211; Zugriffsstatus\/HTTP-Statuscode<br>&#8211; jeweils \u00fcbertragene Datenmenge<br>&#8211; Website, von der die Anforderung kommt<br>&#8211; Browser<br>&#8211; Betriebssystem und dessen Oberfl\u00e4che<br>&#8211; Sprache und Version der Browsersoftware.<br>&#8211; Kinder<\/em><\/p>\n\n\n\n<p class=\"gb-headline gb-headline-2d7fd0d4 gb-headline-text\">Unser Angebot richtet sich grunds\u00e4tzlich an Erwachsene. Personen unter 18 Jahren sollten ohne Zustimmung der Eltern oder Erziehungsberechtigten keinepersonenbezogenen Daten an uns \u00fcbermitteln.Rechte der betroffenen Person<br><br>(1) <strong>Widerruf der Einwilligung<\/strong> Sofern die Verarbeitung der personenbezogenen Daten auf einer erteilten Einwilligung beruht, haben Sie jederzeit das Recht, die Einwilligung zu widerrufen. Durch denWiderruf der Einwilligung wird die Rechtm\u00e4\u00dfigkeit der aufgrund der Einwilligung bis zum Widerruf erfolgten Verarbeitung nicht ber\u00fchrt.F\u00fcr die Aus\u00fcbung des Widerrufsrechts k\u00f6nnen Sie sich jederzeit an uns wenden.<br><br>(2) <strong>Recht auf Best\u00e4tigung<\/strong> Sie haben das Recht, von dem Verantwortlichen eine Best\u00e4tigung dar\u00fcber zu verlangen, ob wir sie betreffende personenbezogene Daten verarbeiten. Die Best\u00e4tigungk\u00f6nnen Sie jederzeit unter den oben genannten Kontaktdaten verlangen.<br><br>(3) AuskunftsrechtSofern personenbezogene Daten verarbeitet werden, k\u00f6nnen Sie jederzeit Auskunft \u00fcber diese personenbezogenen Daten und \u00fcber folgenden Informationenverlangen:\u00a0<br><br><em>a. die Verarbeitungszwecke;<br><br>b. den Kategorien personenbezogener Daten, die verarbeitet werden;<br><br>c. die Empf\u00e4nger oder Kategorien von Empf\u00e4ngern, gegen\u00fcber denen die personenbezogenen Daten offengelegt worden sind oder noch offengelegt werden,insbesondere bei Empf\u00e4ngern in Drittl\u00e4ndern oder bei internationalen Organisationen;<br><br>d. falls m\u00f6glich, die geplante Dauer, f\u00fcr die die personenbezogenen Daten gespeichert werden, oder, falls dies nicht m\u00f6glich ist, die Kriterien f\u00fcr die Festlegung dieserDauer;<br><br>e. das Bestehen eines Rechts auf Berichtigung oder L\u00f6schung der Sie betreffenden personenbezogenen Daten oder auf Einschr\u00e4nkung der Verarbeitung durch denVerantwortlichen oder eines Widerspruchsrechts gegen diese Verarbeitung;<br><br>f. das Bestehen eines Beschwerderechts bei einer Aufsichtsbeh\u00f6rde;<br><br>g. wenn die personenbezogenen Daten nicht bei der betroffenen Person erhoben werden, alle verf\u00fcgbaren Informationen \u00fcber die Herkunft der Daten;<br><br>h. das Bestehen einer automatisierten Entscheidungsfindung einschlie\u00dflich Profiling gem\u00e4\u00df Artikel 22\u00a0Abs\u00e4tze 1 und 4 DSGVO und \u2013 zumindest in diesen F\u00e4llen \u2013aussagekr\u00e4ftige Informationen \u00fcber die involvierte Logik sowie die Tragweite und die angestrebten Auswirkungen einer derartigen Verarbeitung f\u00fcr die betroffenePerson.<\/em><br><br>Werden personenbezogene Daten an ein Drittland oder an eine internationale Organisation \u00fcbermittelt, so haben Sie das Recht, \u00fcber die geeigneten Garantien gem\u00e4\u00dfArtikel 46 DSGVO im Zusammenhang mit der \u00dcbermittlung unterrichtet zu werden. Wir stellen eine Kopie der personenbezogenen Daten, die Gegenstand derVerarbeitung sind, zur Verf\u00fcgung. F\u00fcr alle weiteren Kopien, die Sie Person beantragen, k\u00f6nnen wir ein angemessenes Entgelt auf der Grundlage derVerwaltungskosten verlangen. Stellen Sie den Antrag elektronisch, so sind die Informationen in einem g\u00e4ngigen elektronischen Format zur Verf\u00fcgung zu stellen, soferner nichts anderes angibt. Das Recht auf Erhalt einer Kopie gem\u00e4\u00df Absatz 3 darf die Rechte und Freiheiten anderer Personen nicht beeintr\u00e4chtigen.<br><br>(4) <strong>Recht auf Berichtigung\u00a0<\/strong>\u00a0\u00a0Sie haben das Recht, von uns unverz\u00fcglich die Berichtigung Sie betreffender unrichtiger personenbezogener Daten zu verlangen. Unter Ber\u00fccksichtigung der Zweckeder Verarbeitung haben Sie das Recht, die Vervollst\u00e4ndigung unvollst\u00e4ndiger personenbezogener Daten \u2013 auch mittels einer erg\u00e4nzenden Erkl\u00e4rung \u2013 zu verlangen.<br><br>(5) <strong>Recht auf L\u00f6schung<\/strong> (\u201eRecht auf vergessen werden\u201c)Sie haben das Recht, von dem Verantwortlichen zu verlangen, dass Sie betreffende personenbezogene Daten unverz\u00fcglich gel\u00f6scht werden, und wir sind verpflichtet,personenbezogene Daten unverz\u00fcglich zu l\u00f6schen, sofern einer der folgenden Gr\u00fcnde zutrifft:<br><br><em>a. Die personenbezogenen Daten sind f\u00fcr die Zwecke, f\u00fcr die sie erhoben oder auf sonstige Weise verarbeitet wurden, nicht mehr notwendig.<br><br>b. Die betroffene Person widerruft ihre Einwilligung, auf die sich die Verarbeitung gem\u00e4\u00df Artikel 6\u00a0Absatz 1 Buchstabe a oder Artikel 9 Absatz 2 Buchstabe a DSGVOst\u00fctzte, und es fehlt an einer anderweitigen Rechtsgrundlage f\u00fcr die Verarbeitung.<br><br>c. Die betroffene Person legt gem\u00e4\u00df Artikel 21 Absatz 1 DSGVO Widerspruch gegen die Verarbeitung ein und es liegen keine vorrangigen berechtigten Gr\u00fcnde f\u00fcr dieVerarbeitung vor, oder die betroffene Person legt gem\u00e4\u00df Artikel 21\u00a0Absatz 2 DSGVO Widerspruch gegen die Verarbeitung ein.<br><br>d. Die personenbezogenen Daten wurden unrechtm\u00e4\u00dfig verarbeitet.<br><br>e. Die L\u00f6schung der personenbezogenen Daten ist zur Erf\u00fcllung einer rechtlichen Verpflichtung nach dem Unionsrecht oder dem Recht der Mitgliedstaaten erforderlich,dem der Verantwortliche unterliegt.<br><br>f. Die personenbezogenen Daten wurden in Bezug auf angebotene Dienste der Informationsgesellschaft gem\u00e4\u00df\u00a0Artikel 8\u00a0Absatz 1 DSGVO erhoben.Hat der Verantwortliche die personenbezogenen Daten \u00f6ffentlich gemacht und ist er gem\u00e4\u00df Absatz 1 zu deren L\u00f6schung verpflichtet, so trifft er unter Ber\u00fccksichtigungder verf\u00fcgbaren Technologie und der Implementierungskosten angemessene Ma\u00dfnahmen, auch technischer Art, um f\u00fcr die Datenverarbeitung Verantwortliche, die diepersonenbezogenen Daten verarbeiten, dar\u00fcber zu informieren, dass eine betroffene Person von ihnen die L\u00f6schung aller Links zu diesen personenbezogenen Datenoder von Kopien oder Replikationen dieser personenbezogenen Daten verlangt hat.Das Recht auf L\u00f6schung (\u201eRecht auf vergessen werden\u201c) besteht nicht, soweit die Verarbeitung erforderlich ist:\u00a0\u00d0zur Aus\u00fcbung des Rechts auf freie Meinungs\u00e4u\u00dferung und Information;<br><\/em><br>zur Erf\u00fcllung einer rechtlichen Verpflichtung, die die Verarbeitung nach dem Recht der Union oder der Mitgliedstaaten, dem der Verantwortliche unterliegt, erfordert,oder zur Wahrnehmung einer Aufgabe, die im \u00f6ffentlichen Interesse liegt oder in Aus\u00fcbung \u00f6ffentlicher Gewalt erfolgt, die dem Verantwortlichen \u00fcbertragen wurde;\u00d0aus Gr\u00fcnden des \u00f6ffentlichen Interesses im Bereich der \u00f6ffentlichen Gesundheit gem\u00e4\u00df\u00a0Artikel 9\u00a0Absatz 2 Buchstaben h und i sowie\u00a0Artikel 9\u00a0Absatz 3 DSGVO;<br><br>f\u00fcr im \u00f6ffentlichen Interesse liegende Archivzwecke, wissenschaftliche oder historische Forschungszwecke oder f\u00fcr statistische Zwecke gem\u00e4\u00df\u00a0Artikel 89 Absatz 1DSGVO, soweit das in Absatz 1 genannte Recht voraussichtlich die Verwirklichung der Ziele dieser Verarbeitung unm\u00f6glich macht oder ernsthaft beeintr\u00e4chtigt, oder\u00d0zur Geltendmachung, Aus\u00fcbung oder Verteidigung von Rechtsanspr\u00fcchen.<br><br>(6)\u00a0<strong>Recht auf Einschr\u00e4nkung der Verarbeitung<\/strong> Sie haben das Recht, von uns die Einschr\u00e4nkung der Verarbeitung ihrer personenbezogenen Daten zu verlangen, wenn eine der folgenden Voraussetzungen gegebenist:a.die Richtigkeit der personenbezogenen Daten von der betroffenen Person bestritten wird, und zwar f\u00fcr eine Dauer, die es dem Verantwortlichen erm\u00f6glicht, dieRichtigkeit der personenbezogenen Daten zu \u00fcberpr\u00fcfen,b.die Verarbeitung unrechtm\u00e4\u00dfig ist und die betroffene Person die L\u00f6schung der personenbezogenen Daten ablehnt und stattdessen die Einschr\u00e4nkung der Nutzungder personenbezogenen Daten verlangt;c.der Verantwortliche die personenbezogenen Daten f\u00fcr die Zwecke der Verarbeitung nicht l\u00e4nger ben\u00f6tigt, die betroffene Person sie jedoch zur Geltendmachung,Aus\u00fcbung oder Verteidigung von Rechtsanspr\u00fcchen ben\u00f6tigt, oderd.die betroffene Person Widerspruch gegen die Verarbeitung gem\u00e4\u00df\u00a0Artikel 21\u00a0Absatz 1 DSGVO eingelegt hat, solange noch nicht feststeht, ob die berechtigten Gr\u00fcndedes Verantwortlichen gegen\u00fcber denen der betroffenen Person \u00fcberwiegen.Wurde die Verarbeitung gem\u00e4\u00df den oben genannten Voraussetzungen eingeschr\u00e4nkt, so werden diese personenbezogenen Daten \u2013 von ihrer Speicherung abgesehen\u2013 nur mit Einwilligung der betroffenen Person oder zur Geltendmachung, Aus\u00fcbung oder Verteidigung von Rechtsanspr\u00fcchen oder zum Schutz der Rechte eineranderen nat\u00fcrlichen oder juristischen Person oder aus Gr\u00fcnden eines wichtigen \u00f6ffentlichen Interesses der Union oder eines Mitgliedstaats verarbeitet.\u00a0Um das Recht auf Einschr\u00e4nkung der Verarbeitung geltend zu machen, kann sich die betroffene Person jederzeit an uns unter den oben angegebenen Kontaktdatenwenden.\u00a0<br><br>(7) <strong>Recht auf Daten\u00fcbertragbarkeit<\/strong> Sie haben das Recht, die Sie betreffenden personenbezogenen Daten, die Sie uns bereitgestellt haben, in einem strukturierten, g\u00e4ngigen und maschinenlesbarenFormat zu erhalten, und Sie haben das Recht, diese Daten einem anderen Verantwortlichen ohne Behinderung durch den Verantwortlichen, dem diepersonenbezogenen Daten bereitgestellt wurden, zu \u00fcbermitteln, sofern:<br><br><em>a. die Verarbeitung auf einer Einwilligung gem\u00e4\u00df\u00a0Artikel 6\u00a0Absatz 1 Buchstabe a oder\u00a0Artikel 9\u00a0Absatz 2 Buchstabe a oder auf einem Vertrag gem\u00e4\u00df\u00a0Artikel 6\u00a0Absatz 1Buchstabe b DSGVO beruht und<br><br>b. die Verarbeitung mithilfe automatisierter Verfahren erfolgt.Bei der Aus\u00fcbung des Rechts auf Daten\u00fcbertragbarkeit gem\u00e4\u00df Absatz 1 haben Sie das Recht, zu erwirken, dass die personenbezogenen Daten direkt von einemVerantwortlichen zu einem anderen Verantwortlichen \u00fcbermittelt werden, soweit dies technisch machbar ist. Die Aus\u00fcbung des Rechts auf Daten\u00fcbertragbarkeit l\u00e4sst das Recht auf L\u00f6schung (\u201eRecht auf Vergessen werden\u201c) unber\u00fchrt. Dieses Recht gilt nicht f\u00fcr eine Verarbeitung, die f\u00fcr die Wahrnehmung einer Aufgabe erforderlichist, die im \u00f6ffentlichen Interesse liegt oder in Aus\u00fcbung \u00f6ffentlicher Gewalt erfolgt, die dem Verantwortlichen \u00fcbertragen wurde.<\/em><br><br>(8) WiderspruchsrechtSie haben das Recht, aus Gr\u00fcnden, die sich aus Ihrer besonderen Situation ergeben, jederzeit gegen die Verarbeitung Sie betreffender personenbezogener Daten, dieaufgrund von\u00a0Artikel 6\u00a0Absatz 1 Buchstaben e oder f DSGVO erfolgt, Widerspruch einzulegen; dies gilt auch f\u00fcr ein auf diese Bestimmungen gest\u00fctztes Profiling. DerVerantwortliche verarbeitet die personenbezogenen Daten nicht mehr, es sei denn, er kann zwingende schutzw\u00fcrdige Gr\u00fcnde f\u00fcr die Verarbeitung nachweisen, die die Interessen, Rechte und Freiheiten der betroffenen Person \u00fcberwiegen, oder die Verarbeitung dient der Geltendmachung, Aus\u00fcbung oder Verteidigung von Rechtsanspr\u00fcchen.<br><br>Werden personenbezogene Daten verarbeitet, um Direktwerbung zu betreiben, so haben SIe das Recht, jederzeit Widerspruch gegen die Verarbeitung Sie betreffenderpersonenbezogener Daten zum Zwecke derartiger Werbung einzulegen; dies gilt auch f\u00fcr das Profiling, soweit es mit solcher Direktwerbung in Verbindung steht.Widersprechen Sie der Verarbeitung f\u00fcr Zwecke der Direktwerbung, so werden die personenbezogenen Daten nicht mehr f\u00fcr diese Zwecke verarbeitet.Im Zusammenhang mit der Nutzung von Diensten der Informationsgesellschaft k\u00f6nne Sie ungeachtet der\u00a0Richtlinie 2002\/58\/EG\u00a0Ihr Widerspruchsrecht mittelsautomatisierter Verfahren aus\u00fcben, bei denen technische Spezifikationen verwendet werden.Sie haben das Recht, aus Gr\u00fcnden, die sich aus Ihrer besonderen Situation ergeben, gegen die Sie betreffende Verarbeitung Sie betreffender personenbezogenerDaten, die zu wissenschaftlichen oder historischen Forschungszwecken oder zu statistischen Zwecken gem\u00e4\u00df\u00a0Artikel 89\u00a0Absatz 1 erfolgt, Widerspruch einzulegen, essei denn, die Verarbeitung ist zur Erf\u00fcllung einer im \u00f6ffentlichen Interesse liegenden Aufgabe erforderlich.Das Widerspruchsrecht k\u00f6nnen Sie jederzeit aus\u00fcben, indem Sie sich an den jeweiligen Verantwortlichen wenden.<br><br>(9) <strong>Automatisierte Entscheidungen im Einzelfall einschlie\u00dflich Profiling<\/strong> Sie haben das Recht, nicht einer ausschlie\u00dflich auf einer automatisierten Verarbeitung \u2013 einschlie\u00dflich Profiling \u2013 beruhenden Entscheidung unterworfen zu werden,die Ihnen gegen\u00fcber rechtliche Wirkung entfaltet oder Sie in \u00e4hnlicher Weise erheblich beeintr\u00e4chtigt. Dies gilt nicht, wenn die Entscheidung:a.f\u00fcr den Abschluss oder die Erf\u00fcllung eines Vertrags zwischen der betroffenen Person und dem Verantwortlichen erforderlich ist,b.aufgrund von Rechtsvorschriften der Union oder der Mitgliedstaaten, denen der Verantwortliche unterliegt, zul\u00e4ssig ist und diese Rechtsvorschriften angemesseneMa\u00dfnahmen zur Wahrung der Rechte und Freiheiten sowie der berechtigten Interessen der betroffenen Person enthalten oderc.mit ausdr\u00fccklicher Einwilligung der betroffenen Person erfolgt.Der Verantwortliche trifft angemessene Ma\u00dfnahmen, um die Rechte und Freiheiten sowie die berechtigten Interessen der betroffenen Person zu wahren, wozumindestens das Recht auf Erwirkung des Eingreifens einer Person seitens des Verantwortlichen, auf Darlegung des eigenen Standpunkts und auf Anfechtung der Entscheidung geh\u00f6rt.Dieses Recht kann die betroffene Person jederzeit aus\u00fcben, indem sie sich an den jeweiligen Verantwortlichen wendet.<br><br>(10) <strong>Recht auf Beschwerde bei einer Aufsichtsbeh\u00f6rde<\/strong> Sie haben zudem, unbeschadet eines anderweitigen verwaltungsrechtlichen oder gerichtlichen Rechtsbehelfs, das Recht auf Beschwerde bei einer Aufsichtsbeh\u00f6rde,insbesondere in dem Mitgliedstaat ihres Aufenthaltsorts, ihres Arbeitsplatzes oder des Orts des mutma\u00dflichen Versto\u00dfes, wenn die betroffene Person der Ansicht ist,dass die Verarbeitung der sie betreffenden personenbezogenen Daten gegen diese Verordnung verst\u00f6\u00dft.\u00a0<br><br>(11) <strong>Recht auf wirksamen gerichtlichen Rechtsbehelf <\/strong>Sie haben unbeschadet eines verf\u00fcgbaren verwaltungsrechtlichen oder au\u00dfergerichtlichen Rechtsbehelfs einschlie\u00dflich des Rechts auf Beschwerde bei einerAufsichtsbeh\u00f6rde gem\u00e4\u00df\u00a0Artikel 77 DSGVO\u00a0das Recht auf einen wirksamen gerichtlichen Rechtsbehelf, wenn sie der Ansicht ist, dass die ihr aufgrund dieserVerordnung zustehenden Rechte infolge einer nicht im Einklang mit dieser Verordnung stehenden Verarbeitung ihrer personenbezogenen Daten verletzt wurden.<\/p>\n\n\n\n<p class=\"gb-headline gb-headline-c56e09ed gb-headline-text\">Einbindung von Google Maps<br><br><em>(1) Auf dieser Website nutzen wir das Angebot von Google Maps. Dadurch k\u00f6nnen wir Ihnen interaktive Karten direkt in der Website anzeigen und erm\u00f6glichen Ihnendie komfortable Nutzung der Karten-Funktion.<br><\/em><br><em>(2) Durch den Besuch auf der Website erh\u00e4lt Google die Information, dass Sie die entsprechende Unterseite unserer Website aufgerufen haben. Zudem werden dieunter\u00a0\u00a7\u00a03\u00a0dieser Erkl\u00e4rung genannten Daten \u00fcbermittelt. Dies erfolgt unabh\u00e4ngig davon, ob Google ein Nutzerkonto bereitstellt, \u00fcber das Sie eingeloggt sind, oder obkein Nutzerkonto besteht. Wenn Sie bei Google eingeloggt sind, werden Ihre Daten direkt Ihrem Konto zugeordnet. Wenn Sie die Zuordnung mit Ihrem Profil beiGoogle nicht w\u00fcnschen, m\u00fcssen Sie sich vor Aktivierung des Buttons ausloggen. Google speichert Ihre Daten als Nutzungsprofile und nutzt sie f\u00fcr Zwecke derWerbung, Marktforschung und\/oder bedarfsgerechten Gestaltung seiner Website. Eine solche Auswertung erfolgt insbesondere (selbst f\u00fcr nicht eingeloggte Nutzer) zurErbringung von bedarfsgerechter Werbung und um andere Nutzer des sozialen Netzwerks \u00fcber Ihre Aktivit\u00e4ten auf unserer Website zu informieren. Ihnen steht einWiderspruchsrecht zu gegen die Bildung dieser Nutzerprofile, wobei Sie sich zur Aus\u00fcbung dessen an Google richten m\u00fcssen.<br><\/em><br><em>(3) Weitere Informationen zu Zweck und Umfang der Datenerhebung und ihrer Verarbeitung durch den Plug-in-Anbieter erhalten Sie in den Datenschutzerkl\u00e4rungendes Anbieters. Dort erhalten Sie auch weitere Informationen zu Ihren diesbez\u00fcglichen Rechten und Einstellungsm\u00f6glichkeiten zum Schutze Ihrer Privatsph\u00e4re:http:\/\/www.google.de\/intl\/de\/policies\/privacy. Google verarbeitet Ihre personenbezogenen Daten auch in den USA und hat sich dem EU-US Privacy Shieldunterworfen, https:\/\/www.privacyshield.gov\/EU-US-Framework.<\/em><\/p>\n\n<\/div><\/div><\/div>\n<\/div>\n\n<\/div><\/div>\n<\/div><\/div>\n<\/div><\/div>","protected":false},"excerpt":{"rendered":"<p>Datenschutz Datenschutz Sicherheit und Schutz Ihrer personenbezogenen DatenWir betrachten es als unsere vorrangige Aufgabe, die Vertraulichkeit der von Ihnen bereitgestellten personenbezogenen Daten zu wahren und diese vor unbefugtenZugriffen zu sch\u00fctzen. Deshalbwenden wir \u00e4u\u00dferste Sorgfalt und modernste Sicherheitsstandards an, um einen maximalen Schutz Ihrer personenbezogenen Daten zu gew\u00e4hrleisten.Als privatrechtliches Unternehmen unterliegen wir den Bestimmungen der europ\u00e4ischen &#8230; <a title=\"Datenschutz\" class=\"read-more\" href=\"https:\/\/susanne-ruppert.de\/index.php\/datenschutz\/\" aria-label=\"Mehr Informationen \u00fcber Datenschutz\">Weiterlesen<\/a><\/p>\n","protected":false},"author":1,"featured_media":0,"parent":0,"menu_order":99,"comment_status":"closed","ping_status":"closed","template":"","meta":{"footnotes":""},"class_list":["post-981","page","type-page","status-publish"],"yoast_head":"<!-- This site is optimized with the Yoast SEO plugin v23.5 - https:\/\/yoast.com\/wordpress\/plugins\/seo\/ -->\n<title>Datenschutz - Dipl. Psychologin Ruppert<\/title>\n<meta name=\"robots\" content=\"index, follow, max-snippet:-1, max-image-preview:large, max-video-preview:-1\" \/>\n<link rel=\"canonical\" href=\"https:\/\/susanne-ruppert.de\/index.php\/datenschutz\/\" \/>\n<meta property=\"og:locale\" content=\"de_DE\" \/>\n<meta property=\"og:type\" content=\"article\" \/>\n<meta property=\"og:title\" content=\"Datenschutz - Dipl. Psychologin Ruppert\" \/>\n<meta property=\"og:description\" content=\"Datenschutz Datenschutz Sicherheit und Schutz Ihrer personenbezogenen DatenWir betrachten es als unsere vorrangige Aufgabe, die Vertraulichkeit der von Ihnen bereitgestellten personenbezogenen Daten zu wahren und diese vor unbefugtenZugriffen zu sch\u00fctzen. Deshalbwenden wir \u00e4u\u00dferste Sorgfalt und modernste Sicherheitsstandards an, um einen maximalen Schutz Ihrer personenbezogenen Daten zu gew\u00e4hrleisten.Als privatrechtliches Unternehmen unterliegen wir den Bestimmungen der europ\u00e4ischen ... Weiterlesen\" \/>\n<meta property=\"og:url\" content=\"https:\/\/susanne-ruppert.de\/index.php\/datenschutz\/\" \/>\n<meta property=\"og:site_name\" content=\"Dipl. Psychologin Ruppert\" \/>\n<meta property=\"article:modified_time\" content=\"2025-04-05T08:51:09+00:00\" \/>\n<meta name=\"twitter:card\" content=\"summary_large_image\" \/>\n<meta name=\"twitter:label1\" content=\"Gesch\u00e4tzte Lesezeit\" \/>\n\t<meta name=\"twitter:data1\" content=\"17\u00a0Minuten\" \/>\n<script type=\"application\/ld+json\" class=\"yoast-schema-graph\">{\"@context\":\"https:\/\/schema.org\",\"@graph\":[{\"@type\":\"WebPage\",\"@id\":\"https:\/\/susanne-ruppert.de\/index.php\/datenschutz\/\",\"url\":\"https:\/\/susanne-ruppert.de\/index.php\/datenschutz\/\",\"name\":\"Datenschutz - Dipl. Psychologin Ruppert\",\"isPartOf\":{\"@id\":\"https:\/\/susanne-ruppert.de\/#website\"},\"datePublished\":\"2022-07-06T13:06:37+00:00\",\"dateModified\":\"2025-04-05T08:51:09+00:00\",\"breadcrumb\":{\"@id\":\"https:\/\/susanne-ruppert.de\/index.php\/datenschutz\/#breadcrumb\"},\"inLanguage\":\"de\",\"potentialAction\":[{\"@type\":\"ReadAction\",\"target\":[\"https:\/\/susanne-ruppert.de\/index.php\/datenschutz\/\"]}]},{\"@type\":\"BreadcrumbList\",\"@id\":\"https:\/\/susanne-ruppert.de\/index.php\/datenschutz\/#breadcrumb\",\"itemListElement\":[{\"@type\":\"ListItem\",\"position\":1,\"name\":\"Startseite\",\"item\":\"https:\/\/susanne-ruppert.de\/\"},{\"@type\":\"ListItem\",\"position\":2,\"name\":\"Datenschutz\"}]},{\"@type\":\"WebSite\",\"@id\":\"https:\/\/susanne-ruppert.de\/#website\",\"url\":\"https:\/\/susanne-ruppert.de\/\",\"name\":\"Dipl. Psychologin Ruppert\",\"description\":\"Just another WordPress site\",\"potentialAction\":[{\"@type\":\"SearchAction\",\"target\":{\"@type\":\"EntryPoint\",\"urlTemplate\":\"https:\/\/susanne-ruppert.de\/?s={search_term_string}\"},\"query-input\":{\"@type\":\"PropertyValueSpecification\",\"valueRequired\":true,\"valueName\":\"search_term_string\"}}],\"inLanguage\":\"de\"}]}<\/script>\n<!-- \/ Yoast SEO plugin. -->","yoast_head_json":{"title":"Datenschutz - Dipl. Psychologin Ruppert","robots":{"index":"index","follow":"follow","max-snippet":"max-snippet:-1","max-image-preview":"max-image-preview:large","max-video-preview":"max-video-preview:-1"},"canonical":"https:\/\/susanne-ruppert.de\/index.php\/datenschutz\/","og_locale":"de_DE","og_type":"article","og_title":"Datenschutz - Dipl. Psychologin Ruppert","og_description":"Datenschutz Datenschutz Sicherheit und Schutz Ihrer personenbezogenen DatenWir betrachten es als unsere vorrangige Aufgabe, die Vertraulichkeit der von Ihnen bereitgestellten personenbezogenen Daten zu wahren und diese vor unbefugtenZugriffen zu sch\u00fctzen. Deshalbwenden wir \u00e4u\u00dferste Sorgfalt und modernste Sicherheitsstandards an, um einen maximalen Schutz Ihrer personenbezogenen Daten zu gew\u00e4hrleisten.Als privatrechtliches Unternehmen unterliegen wir den Bestimmungen der europ\u00e4ischen ... Weiterlesen","og_url":"https:\/\/susanne-ruppert.de\/index.php\/datenschutz\/","og_site_name":"Dipl. Psychologin Ruppert","article_modified_time":"2025-04-05T08:51:09+00:00","twitter_card":"summary_large_image","twitter_misc":{"Gesch\u00e4tzte Lesezeit":"17\u00a0Minuten"},"schema":{"@context":"https:\/\/schema.org","@graph":[{"@type":"WebPage","@id":"https:\/\/susanne-ruppert.de\/index.php\/datenschutz\/","url":"https:\/\/susanne-ruppert.de\/index.php\/datenschutz\/","name":"Datenschutz - Dipl. Psychologin Ruppert","isPartOf":{"@id":"https:\/\/susanne-ruppert.de\/#website"},"datePublished":"2022-07-06T13:06:37+00:00","dateModified":"2025-04-05T08:51:09+00:00","breadcrumb":{"@id":"https:\/\/susanne-ruppert.de\/index.php\/datenschutz\/#breadcrumb"},"inLanguage":"de","potentialAction":[{"@type":"ReadAction","target":["https:\/\/susanne-ruppert.de\/index.php\/datenschutz\/"]}]},{"@type":"BreadcrumbList","@id":"https:\/\/susanne-ruppert.de\/index.php\/datenschutz\/#breadcrumb","itemListElement":[{"@type":"ListItem","position":1,"name":"Startseite","item":"https:\/\/susanne-ruppert.de\/"},{"@type":"ListItem","position":2,"name":"Datenschutz"}]},{"@type":"WebSite","@id":"https:\/\/susanne-ruppert.de\/#website","url":"https:\/\/susanne-ruppert.de\/","name":"Dipl. Psychologin Ruppert","description":"Just another WordPress site","potentialAction":[{"@type":"SearchAction","target":{"@type":"EntryPoint","urlTemplate":"https:\/\/susanne-ruppert.de\/?s={search_term_string}"},"query-input":{"@type":"PropertyValueSpecification","valueRequired":true,"valueName":"search_term_string"}}],"inLanguage":"de"}]}},"_links":{"self":[{"href":"https:\/\/susanne-ruppert.de\/index.php\/wp-json\/wp\/v2\/pages\/981","targetHints":{"allow":["GET"]}}],"collection":[{"href":"https:\/\/susanne-ruppert.de\/index.php\/wp-json\/wp\/v2\/pages"}],"about":[{"href":"https:\/\/susanne-ruppert.de\/index.php\/wp-json\/wp\/v2\/types\/page"}],"author":[{"embeddable":true,"href":"https:\/\/susanne-ruppert.de\/index.php\/wp-json\/wp\/v2\/users\/1"}],"replies":[{"embeddable":true,"href":"https:\/\/susanne-ruppert.de\/index.php\/wp-json\/wp\/v2\/comments?post=981"}],"version-history":[{"count":12,"href":"https:\/\/susanne-ruppert.de\/index.php\/wp-json\/wp\/v2\/pages\/981\/revisions"}],"predecessor-version":[{"id":1258,"href":"https:\/\/susanne-ruppert.de\/index.php\/wp-json\/wp\/v2\/pages\/981\/revisions\/1258"}],"wp:attachment":[{"href":"https:\/\/susanne-ruppert.de\/index.php\/wp-json\/wp\/v2\/media?parent=981"}],"curies":[{"name":"wp","href":"https:\/\/api.w.org\/{rel}","templated":true}]}}